{"id":15,"date":"2017-02-27T15:26:11","date_gmt":"2017-02-27T14:26:11","guid":{"rendered":"http:\/\/szamotuly.bike\/?page_id=15"},"modified":"2023-08-09T15:18:15","modified_gmt":"2023-08-09T13:18:15","slug":"cennik","status":"publish","type":"page","link":"https:\/\/szamotuly.bike\/de\/polski-cennik\/","title":{"rendered":"Preisliste"},"content":{"rendered":"<p><\/p>\n<style>\n.pricelist{}<br \/>.pricelist td{padding:15px;border:1px solid #053d7d;background:#fff}<br \/><\/style>\n<table class=\"pricetable\" cellspacing=\"0\" cellpadding=\"0\">\n<tbody>\n<tr>\n<td colspan=\"2\"><strong>Normaler Tarif<\/strong><\/td>\n<td><strong>Wert brutto<\/strong><\/td>\n<\/tr>\n<\/tbody>\n<tbody>\n<tr>\n<td rowspan=\"6\">Fahrrad-Leihgeb\u00fchr<\/td>\n<td>Verleihdauer:<\/td>\n<td><\/td>\n<\/tr>\n<tr>\n<td>bis zu 3 stunden<\/td>\n<td>0 z\u0142<\/td>\n<\/tr>\n<tr>\n<td>Leihgeb\u00fchr f\u00fcr \u00dcberschreitung 3 Stunden der Ausleihe bis 12 Stunden der Ausleihe<\/td>\n<td>10 z\u0142<\/td>\n<\/tr>\n<\/tbody>\n<tbody>\n<tr>\n<td colspan=\"2\">Briefliche Benachrichtigung bei Regelverst\u00f6\u00dfen<\/td>\n<td>10 z\u0142<\/td>\n<\/tr>\n<\/tbody>\n<tbody>\n<tr>\n<td colspan=\"2\">Geb\u00fchr bei \u00dcberschreitung von 12 Stunden Verleihdauer<\/td>\n<td>200 z\u0142<\/td>\n<\/tr>\n<\/tbody>\n<tbody>\n<tr>\n<td colspan=\"2\">Diebstahl, Verlust oder v\u00f6llige Zerst\u00f6rung eines<br \/>\nFahrrads<\/td>\n<td>2 000 z\u0142<\/td>\n<\/tr>\n<\/tbody>\n<\/table>\n<p><\/p>","protected":false},"excerpt":{"rendered":"<p>Normaler Tarif Wert brutto Fahrrad-Leihgeb\u00fchr Verleihdauer: bis zu 3 stunden 0 z\u0142 Leihgeb\u00fchr f\u00fcr \u00dcberschreitung 3 Stunden der Ausleihe bis 12 Stunden der Ausleihe 10 z\u0142 Briefliche Benachrichtigung bei Regelverst\u00f6\u00dfen 10 z\u0142 Geb\u00fchr bei \u00dcberschreitung von 12 Stunden Verleihdauer 200 z\u0142 Diebstahl, Verlust oder v\u00f6llige Zerst\u00f6rung eines Fahrrads 2 000 z\u0142<\/p>\n","protected":false},"author":7,"featured_media":0,"parent":0,"menu_order":0,"comment_status":"closed","ping_status":"closed","template":"","meta":[],"_links":{"self":[{"href":"https:\/\/szamotuly.bike\/de\/wp-json\/wp\/v2\/pages\/15"}],"collection":[{"href":"https:\/\/szamotuly.bike\/de\/wp-json\/wp\/v2\/pages"}],"about":[{"href":"https:\/\/szamotuly.bike\/de\/wp-json\/wp\/v2\/types\/page"}],"author":[{"embeddable":true,"href":"https:\/\/szamotuly.bike\/de\/wp-json\/wp\/v2\/users\/7"}],"replies":[{"embeddable":true,"href":"https:\/\/szamotuly.bike\/de\/wp-json\/wp\/v2\/comments?post=15"}],"version-history":[{"count":61,"href":"https:\/\/szamotuly.bike\/de\/wp-json\/wp\/v2\/pages\/15\/revisions"}],"predecessor-version":[{"id":677,"href":"https:\/\/szamotuly.bike\/de\/wp-json\/wp\/v2\/pages\/15\/revisions\/677"}],"wp:attachment":[{"href":"https:\/\/szamotuly.bike\/de\/wp-json\/wp\/v2\/media?parent=15"}],"curies":[{"name":"wp","href":"https:\/\/api.w.org\/{rel}","templated":true}]}}